{"id":1113,"date":"2024-07-28T12:33:33","date_gmt":"2024-07-28T10:33:33","guid":{"rendered":"https:\/\/musikaeskola.com\/?page_id=1113"},"modified":"2024-07-28T12:35:21","modified_gmt":"2024-07-28T10:35:21","slug":"es-inicio","status":"publish","type":"page","link":"https:\/\/musikaeskola.com\/eu\/es-inicio\/","title":{"rendered":"Hasiera"},"content":{"rendered":"<p><\/p>\n<section class=\"gris\" style=\"\">\n<div id=\"carouselExampleAutoplaying\" class=\"carousel slide\" data-bs-ride=\"carousel\">\n<div class=\"carousel-inner\" style=\"max-height:420px !important;\">\n<div class=\"carousel-item active\">\n      <img decoding=\"async\" src=\"https:\/\/musikaeskola.com\/wp-content\/uploads\/2024\/06\/000.jpg\" class=\"d-block w-100\" alt=\"...\"><\/p>\n<div class=\"carousel-caption d-none d-md-block\">\n<h1>LARRABETZU MUSIKA ESKOLA<\/h1>\n<\/p><\/div>\n<\/p><\/div>\n<div class=\"carousel-item\">\n      <img decoding=\"async\" src=\"https:\/\/musikaeskola.com\/wp-content\/uploads\/2024\/07\/m-2.jpg\" class=\"d-block w-100\" alt=\"...\"><\/p>\n<div class=\"carousel-caption d-none d-md-block\">\n<h1>MUSIKA ESKOLA DERIO<\/h1>\n<\/p><\/div>\n<\/p><\/div>\n<div class=\"carousel-item\">\n      <img decoding=\"async\" src=\"https:\/\/musikaeskola.com\/wp-content\/uploads\/2024\/07\/m-3.jpg\" class=\"d-block w-100\" alt=\"...\"><\/p>\n<div class=\"carousel-caption d-none d-md-block\">\n<h1>LEZAMA MUSIKA<\/h1>\n<\/p><\/div>\n<\/p><\/div>\n<\/p><\/div>\n<\/section>\n<div class=\"container text-center p-5\">\n<div class=\"row\">\n<div class=\"col-lg-4 col-md-4 col-12\">\n<div class=\"service-wrapper\">\n<div class=\"service-icon-title-wrapper clearfix\">\n<h4 class=\"service-title-wrap bg-primary p-1 text-white\"><i class=\"bi bi-file-earmark-music fs-1 p-3\"><\/i> TRADIZIO MUSIKALA<\/h4>\n<\/p><\/div>\n<div class=\"service-content-wrap\">Tradizioa kultura garaikidearen elementu bat da, eta musika garai guztietako euskal baliabide kulturalaren parte da. Musika Eskolatik tradizio hori iraunarazi nahi dugu.<\/div>\n<\/p><\/div>\n<\/p><\/div>\n<div class=\"col-lg-4 col-md-4 col-12\">\n<div class=\"service-wrapper\">\n<div class=\"service-icon-title-wrapper clearfix\">\n<h4 class=\"service-title-wrap bg-primary p-1 text-white\"><i class=\"bi bi-wind fs-1 p-3\"><\/i> IRAKASKUNTZA ARAUTUA<\/h4>\n<\/p><\/div>\n<div class=\"service-content-wrap\">Musika Eskolan irakaskuntza arautua zein ez-arautua ematen dugu. 4 urtetik gorako ikasleak onartzen ditugu.<\/div>\n<\/p><\/div>\n<\/p><\/div>\n<div class=\"col-lg-4 col-md-4 col-12\">\n<div class=\"service-wrapper\">\n<div class=\"service-icon-title-wrapper clearfix\">\n<h4 class=\"service-title-wrap bg-primary p-1 text-white\"><i class=\"bi bi-bookmarks fs-1 p-3\"><\/i> IRAKASLE TITULUDUNAK<\/h4>\n<\/p><\/div>\n<div class=\"service-content-wrap\">Irakasleen kalitatea ez da aukera bat, betebeharra baizik. Gure irakasle guztiak ematen duten arloan tituludunak dira.<\/div>\n<\/p><\/div>\n<\/p><\/div>\n<\/p><\/div>\n<\/div>\n<div class=\"container bg-light text-center p-5\">\n<div class=\"row\">\n<h3 class=\"section-title\">IRAKASGAI AIPAGARRIAK<\/h3>\n<div class=\"section-description\">Larrabetzu Musika Eskolan eta Derioko Musika Eskolan ikasleek eskatutako musika-tresna gehienen eskolak ematen ditugu. Hauek dira nagusiak:<\/div>\n<div class=\"row justify-content-around\">\n<div class=\"col-lg-3 col-md-4 col-12\">\n<figure class=\"figure\">\n                  <img decoding=\"async\" src=\"https:\/\/musikaeskola.com\/wp-content\/uploads\/2024\/06\/bateria.jpg\" class=\"figure-img img-fluid rounded mt-3 border border-dark\" alt=\"BATERIA\"><figcaption class=\"figure-caption\">BATERIA<\/figcaption><\/figure>\n<\/p><\/div>\n<div class=\"col-lg-3 col-md-4 col-12\">\n<figure class=\"figure\">\n                  <img decoding=\"async\" src=\"https:\/\/musikaeskola.com\/wp-content\/uploads\/2024\/06\/l-m.jpg\" class=\"figure-img img-fluid rounded mt-3 border border-dark\" alt=\"MUSIKA-HIZKUNTZA\"><figcaption class=\"figure-caption\">MUSIKA-HIZKUNTZA<\/figcaption><\/figure>\n<\/p><\/div>\n<div class=\"col-lg-3 col-md-4 col-12\">\n<figure class=\"figure\">\n                  <img decoding=\"async\" src=\"https:\/\/musikaeskola.com\/wp-content\/uploads\/2024\/06\/iniciacion.jpg\" class=\"figure-img img-fluid rounded mt-3 border border-dark\" alt=\"HASTAPENA\"><figcaption class=\"figure-caption\">HASTAPENA<\/figcaption><\/figure>\n<\/p><\/div>\n<div class=\"col-lg-3 col-md-4 col-12\">\n<figure class=\"figure\">\n                  <img decoding=\"async\" src=\"https:\/\/musikaeskola.com\/wp-content\/uploads\/2024\/06\/acordeon.jpg\" class=\"figure-img img-fluid rounded mt-3 border border-dark\" alt=\"AKORDEOIA\"><figcaption class=\"figure-caption\">AKORDEOIA<\/figcaption><\/figure>\n<\/p><\/div>\n<\/p><\/div>\n<div class=\"col-lg-3 col-md-4 col-12\">\n<figure class=\"figure\">\n                  <img decoding=\"async\" src=\"https:\/\/musikaeskola.com\/wp-content\/uploads\/2024\/06\/ukelele.jpg\" class=\"figure-img img-fluid rounded mt-3 border border-dark\" alt=\"UKELELE\"><figcaption class=\"figure-caption\">UKELELE<\/figcaption><\/figure>\n<\/p><\/div>\n<div class=\"col-lg-3 col-md-4 col-12\">\n<figure class=\"figure\">\n                  <img decoding=\"async\" src=\"https:\/\/musikaeskola.com\/wp-content\/uploads\/2024\/06\/violin.jpg\" class=\"figure-img img-fluid rounded mt-3 border border-dark\" alt=\"BIOLINA\"><figcaption class=\"figure-caption\">BIBOLINA<\/figcaption><\/figure>\n<\/p><\/div>\n<div class=\"col-lg-3 col-md-4 col-12\">\n<figure class=\"figure\">\n                  <img decoding=\"async\" src=\"https:\/\/musikaeskola.com\/wp-content\/uploads\/2024\/06\/viola.jpg\" class=\"figure-img img-fluid rounded mt-3 border border-dark\" alt=\"BIOLA\"><figcaption class=\"figure-caption\">BIOLA<\/figcaption><\/figure>\n<\/p><\/div>\n<div class=\"col-lg-3 col-md-4 col-12\">\n<figure class=\"figure\">\n                  <img decoding=\"async\" src=\"https:\/\/musikaeskola.com\/wp-content\/uploads\/2024\/06\/saxo.jpg\" class=\"figure-img img-fluid rounded mt-3 border border-dark\" alt=\"SAXOFOIA\"><figcaption class=\"figure-caption\">SAXOFOIA<\/figcaption><\/figure>\n<\/p><\/div>\n<div class=\"col-lg-3 col-md-4 col-12\">\n<figure class=\"figure\">\n                  <img decoding=\"async\" src=\"https:\/\/musikaeskola.com\/wp-content\/uploads\/2024\/06\/piano.jpg\" class=\"figure-img img-fluid rounded mt-3 border border-dark\" alt=\"PIANOA\"><figcaption class=\"figure-caption\">PIANOA<\/figcaption><\/figure>\n<\/p><\/div>\n<div class=\"col-lg-3 col-md-4 col-12\">\n<figure class=\"figure\">\n                  <img decoding=\"async\" src=\"https:\/\/musikaeskola.com\/wp-content\/uploads\/2024\/06\/electrica.jpg\" class=\"figure-img img-fluid rounded mt-3 border border-dark\" alt=\"KITARRA ELEKTRIKOA\"><figcaption class=\"figure-caption\">KITARRA ELEKTRIKOA<\/figcaption><\/figure>\n<\/p><\/div>\n<div class=\"col-lg-3 col-md-4 col-12\">\n<figure class=\"figure\">\n                  <img decoding=\"async\" src=\"https:\/\/musikaeskola.com\/wp-content\/uploads\/2024\/06\/acustica.jpg\" class=\"figure-img img-fluid rounded mt-3 border border-dark\" alt=\"KITARRA AKUSTIKOA\"><figcaption class=\"figure-caption\">KITARRA AKUSTIKOA<\/figcaption><\/figure>\n<\/p><\/div>\n<div class=\"col-lg-3 col-md-4 col-12\">\n<figure class=\"figure\">\n                  <img decoding=\"async\" src=\"https:\/\/musikaeskola.com\/wp-content\/uploads\/2024\/06\/flauta.jpg\" class=\"figure-img img-fluid rounded mt-3 border border-dark\" alt=\"TXILIBISTA\"><figcaption class=\"figure-caption\">TXILIBISTA<\/figcaption><\/figure>\n<\/p><\/div>\n<\/p><\/div>\n<\/div>\n<div class=\"container bg-white text-center p-5\">\n<div class=\"row\">\n<h3 class=\"section-title\">MUSIKA ESKOLAKO BERRIAK<\/h3>\n<div class=\"section-description p-4 pt-1 pb-5 fs-5\">Larrabetzu Musika Eskolari eta Derioko Musika Eskolari dagozkien gaiekin egunean egoteko.<\/div>\n<div style=\"clear:both;\"><\/div><div class=\"atw-show-posts atw-show-posts-filter-default\"><div class=\"atw-content-3-col atw-cf\" style=\"clear:left;\">\n    <article id=\"post-1023\" class=\"atw-post post-1023 post type-post status-publish format-standard has-post-thumbnail hentry category-sin-categoria\">\n        <header class=\"atw-entry-header\">\n                            <hgroup class=\"atw-entry-hdr\"><h2 class=\"atw-entry-title\">\n                        <a href=\"https:\/\/musikaeskola.com\/eu\/empieza-el-nuevo-curso-2024-2025\/\"\n                           title=\"Permalink to 2024-2025 ikasturte berria hasi da\" rel=\"bookmark\">2024-2025 ikasturte berria hasi da<\/a>\n                    <\/h2><\/hgroup>\n\n                                <div class=\"atw-entry-meta\">\n                    <div class=\"atw-entry-meta-icons\">\n                        <span class=\"entry-date\"><a href=\"https:\/\/musikaeskola.com\/eu\/empieza-el-nuevo-curso-2024-2025\/\" title=\"12:39 \" rel=\"bookmark\"><time datetime=\"2024-06-30T12:39:39+00:00\" pubdate>igandea ekaina 30th, 2024<\/time><\/a><\/span> <span class=\"by-author\"><span class=\"author vcard\"><a class=\"url fn n\" href=\"https:\/\/musikaeskola.com\/eu\/author\/diselan\/\" title=\"View all posts by diselan\" rel=\"author\">diselan<\/a><\/span><\/span>                    <\/div><!-- .atw-entry-meta-icons -->\n                <\/div><!-- .atw-entry-meta -->\n                        <\/header><!-- .atw-entry-header -->\n                    <div class=\"atw-entry-summary atw-cf\">\n                        <span class='atw-featured-image'><a\n                    href=\"https:\/\/musikaeskola.com\/eu\/empieza-el-nuevo-curso-2024-2025\/\"><img loading=\"lazy\" decoding=\"async\" width=\"150\" height=\"150\" src=\"https:\/\/musikaeskola.com\/wp-content\/uploads\/2024\/06\/01-150x150.jpg\" class=\"attachment-thumbnail size-thumbnail wp-post-image\" alt=\"\" srcset=\"https:\/\/musikaeskola.com\/wp-content\/uploads\/2024\/06\/01-150x150.jpg 150w, https:\/\/musikaeskola.com\/wp-content\/uploads\/2024\/06\/01-300x300.jpg 300w\" sizes=\"auto, (max-width: 150px) 100vw, 150px\" \/><\/a><\/span>\n        <p>Larrabetzu Musika Eskolak musika eta ingeles tailerrak eskaintzen ditu ekainaren 26tik uztailaren 10era arte.<\/p>\n            <\/div><!-- .atw-entry-summary -->\n            \n            <footer class=\"atw-entry-utility\">\n                <div class=\"atw-entry-meta-icons\">\n                                            <span class=\"cat-links\">\n<a href=\"https:\/\/musikaeskola.com\/eu\/category\/sin-categoria\/\" rel=\"category tag\">Sin categor\u00eda<\/a>\t\t    <\/span>\n                                        <\/div><!-- .entry-meta-icons -->\n            <\/footer><!-- .atw-entry-utility -->\n                <\/article><!-- #post-1023 -->\n\n    <\/div> <!-- atw-content-3-col -->\n<div class=\"atw-content-3-col atw-cf\">\n    <article id=\"post-850\" class=\"atw-post post-850 post type-post status-publish format-standard has-post-thumbnail hentry category-blog\">\n        <header class=\"atw-entry-header\">\n                            <hgroup class=\"atw-entry-hdr\"><h2 class=\"atw-entry-title\">\n                        <a href=\"https:\/\/musikaeskola.com\/eu\/este-verano-taller-de-musica-e-ingles\/\"\n                           title=\"Permalink to Este verano taller de m\u00fasica e ingl\u00e9s\" rel=\"bookmark\">Este verano taller de m\u00fasica e ingl\u00e9s<\/a>\n                    <\/h2><\/hgroup>\n\n                                <div class=\"atw-entry-meta\">\n                    <div class=\"atw-entry-meta-icons\">\n                        <span class=\"entry-date\"><a href=\"https:\/\/musikaeskola.com\/eu\/este-verano-taller-de-musica-e-ingles\/\" title=\"07:54 \" rel=\"bookmark\"><time datetime=\"2024-06-20T19:54:01+00:00\" pubdate>osteguna ekaina 20th, 2024<\/time><\/a><\/span> <span class=\"by-author\"><span class=\"author vcard\"><a class=\"url fn n\" href=\"https:\/\/musikaeskola.com\/eu\/author\/diselan\/\" title=\"View all posts by diselan\" rel=\"author\">diselan<\/a><\/span><\/span>                    <\/div><!-- .atw-entry-meta-icons -->\n                <\/div><!-- .atw-entry-meta -->\n                        <\/header><!-- .atw-entry-header -->\n                    <div class=\"atw-entry-summary atw-cf\">\n                        <span class='atw-featured-image'><a\n                    href=\"https:\/\/musikaeskola.com\/eu\/este-verano-taller-de-musica-e-ingles\/\"><img loading=\"lazy\" decoding=\"async\" width=\"150\" height=\"150\" src=\"https:\/\/musikaeskola.com\/wp-content\/uploads\/2024\/06\/tallerak-1-150x150.jpg\" class=\"attachment-thumbnail size-thumbnail wp-post-image\" alt=\"\" srcset=\"https:\/\/musikaeskola.com\/wp-content\/uploads\/2024\/06\/tallerak-1-150x150.jpg 150w, https:\/\/musikaeskola.com\/wp-content\/uploads\/2024\/06\/tallerak-1-300x300.jpg 300w\" sizes=\"auto, (max-width: 150px) 100vw, 150px\" \/><\/a><\/span>\n        <p>Larrabetzu musika eskola oferta talleres de m\u00fasica e ingl\u00e9s del 26 de junio al 10 de julio para ni\u00f1@s de [\u2026]<\/p>\n            <\/div><!-- .atw-entry-summary -->\n            \n            <footer class=\"atw-entry-utility\">\n                <div class=\"atw-entry-meta-icons\">\n                                            <span class=\"cat-links\">\n<a href=\"https:\/\/musikaeskola.com\/eu\/category\/blog\/\" rel=\"category tag\">Blog<\/a>\t\t    <\/span>\n                                                <span class=\"comments-link\">\n<a href=\"https:\/\/musikaeskola.com\/eu\/este-verano-taller-de-musica-e-ingles\/#respond\" class=\"leave-reply\" >Leave a reply<\/a>\n\t\t    <\/span>\n                        <div style=\"clear:both;\"><\/div>\n                                        <\/div><!-- .entry-meta-icons -->\n            <\/footer><!-- .atw-entry-utility -->\n                <\/article><!-- #post-850 -->\n\n    <\/div> <!-- atw-content-3-col -->\n<div class=\"atw-content-3-col atw-cf\">\n    <article id=\"post-843\" class=\"atw-post post-843 post type-post status-publish format-standard has-post-thumbnail hentry category-blog\">\n        <header class=\"atw-entry-header\">\n                            <hgroup class=\"atw-entry-hdr\"><h2 class=\"atw-entry-title\">\n                        <a href=\"https:\/\/musikaeskola.com\/eu\/pre-matricula-curso-2023-2024\/\"\n                           title=\"Permalink to 2023\/2024 IKASTURTEKO IZEN-EMATEA\" rel=\"bookmark\">2023\/2024 IKASTURTEKO IZEN-EMATEA<\/a>\n                    <\/h2><\/hgroup>\n\n                                <div class=\"atw-entry-meta\">\n                    <div class=\"atw-entry-meta-icons\">\n                        <span class=\"entry-date\"><a href=\"https:\/\/musikaeskola.com\/eu\/pre-matricula-curso-2023-2024\/\" title=\"07:52 \" rel=\"bookmark\"><time datetime=\"2024-06-20T19:52:41+00:00\" pubdate>osteguna ekaina 20th, 2024<\/time><\/a><\/span> <span class=\"by-author\"><span class=\"author vcard\"><a class=\"url fn n\" href=\"https:\/\/musikaeskola.com\/eu\/author\/diselan\/\" title=\"View all posts by diselan\" rel=\"author\">diselan<\/a><\/span><\/span>                    <\/div><!-- .atw-entry-meta-icons -->\n                <\/div><!-- .atw-entry-meta -->\n                        <\/header><!-- .atw-entry-header -->\n                    <div class=\"atw-entry-summary atw-cf\">\n                        <span class='atw-featured-image'><a\n                    href=\"https:\/\/musikaeskola.com\/eu\/pre-matricula-curso-2023-2024\/\"><img loading=\"lazy\" decoding=\"async\" width=\"150\" height=\"150\" src=\"https:\/\/musikaeskola.com\/wp-content\/uploads\/2024\/06\/prematricula-150x150.jpg\" class=\"attachment-thumbnail size-thumbnail wp-post-image\" alt=\"\" srcset=\"https:\/\/musikaeskola.com\/wp-content\/uploads\/2024\/06\/prematricula-150x150.jpg 150w, https:\/\/musikaeskola.com\/wp-content\/uploads\/2024\/06\/prematricula-300x300.jpg 300w\" sizes=\"auto, (max-width: 150px) 100vw, 150px\" \/><\/a><\/span>\n        <p>Larrabetzu Musika Eskolako, Derio Musika Eskolako eta Lezama Musika Eskolako ikasleek matrikula egiteko epea ireki da.<\/p>\n            <\/div><!-- .atw-entry-summary -->\n            \n            <footer class=\"atw-entry-utility\">\n                <div class=\"atw-entry-meta-icons\">\n                                            <span class=\"cat-links\">\n<a href=\"https:\/\/musikaeskola.com\/eu\/category\/blog\/\" rel=\"category tag\">Blog<\/a>\t\t    <\/span>\n                                                <span class=\"comments-link\">\n<a href=\"https:\/\/musikaeskola.com\/eu\/pre-matricula-curso-2023-2024\/#respond\" class=\"leave-reply\" >Leave a reply<\/a>\n\t\t    <\/span>\n                        <div style=\"clear:both;\"><\/div>\n                                        <\/div><!-- .entry-meta-icons -->\n            <\/footer><!-- .atw-entry-utility -->\n                <\/article><!-- #post-843 -->\n\n    <\/div> <!-- atw-content-3-col -->\n<\/div><!-- show_posts -->\n<\/div>\n<\/p><\/div>\n<\/div>\n<p><\/p>","protected":false},"excerpt":{"rendered":"<p>LARRABETZU MUSIKA ESKOLA MUSIKA ESKOLA DERIO LEZAMA MUSIKA TRADIZIO MUSIKALA Tradizioa kultura garaikidearen elementu bat da, eta musika garai guztietako euskal baliabide kulturalaren parte da. Musika Eskolatik tradizio hori iraunarazi nahi dugu. IRAKASKUNTZA ARAUTUA Musika Eskolan irakaskuntza arautua zein ez-arautua ematen dugu. 4 urtetik gorako ikasleak onartzen ditugu. IRAKASLE TITULUDUNAK Irakasleen kalitatea ez da aukera [&hellip;]<\/p>\n","protected":false},"author":1,"featured_media":0,"parent":0,"menu_order":0,"comment_status":"closed","ping_status":"closed","template":"","meta":{"footnotes":""},"class_list":["post-1113","page","type-page","status-publish","hentry"],"_links":{"self":[{"href":"https:\/\/musikaeskola.com\/eu\/wp-json\/wp\/v2\/pages\/1113","targetHints":{"allow":["GET"]}}],"collection":[{"href":"https:\/\/musikaeskola.com\/eu\/wp-json\/wp\/v2\/pages"}],"about":[{"href":"https:\/\/musikaeskola.com\/eu\/wp-json\/wp\/v2\/types\/page"}],"author":[{"embeddable":true,"href":"https:\/\/musikaeskola.com\/eu\/wp-json\/wp\/v2\/users\/1"}],"replies":[{"embeddable":true,"href":"https:\/\/musikaeskola.com\/eu\/wp-json\/wp\/v2\/comments?post=1113"}],"version-history":[{"count":2,"href":"https:\/\/musikaeskola.com\/eu\/wp-json\/wp\/v2\/pages\/1113\/revisions"}],"predecessor-version":[{"id":1115,"href":"https:\/\/musikaeskola.com\/eu\/wp-json\/wp\/v2\/pages\/1113\/revisions\/1115"}],"wp:attachment":[{"href":"https:\/\/musikaeskola.com\/eu\/wp-json\/wp\/v2\/media?parent=1113"}],"curies":[{"name":"wp","href":"https:\/\/api.w.org\/{rel}","templated":true}]}}